{"id":3,"date":"2019-05-13T08:52:42","date_gmt":"2019-05-13T08:52:42","guid":{"rendered":"https:\/\/www.gartenimpressionen.com\/?page_id=3"},"modified":"2023-06-05T23:16:14","modified_gmt":"2023-06-05T21:16:14","slug":"privacy-policy","status":"publish","type":"page","link":"https:\/\/www.gartenimpressionen.com\/index.php\/privacy-policy\/","title":{"rendered":"Datenschutzerkl\u00e4rung"},"content":{"rendered":"\n<h2 id=\"m716\">Pr\u00e4ambel<\/h2>\n<p>Mit der folgenden Datenschutzerkl\u00e4rung m\u00f6chten wir Sie dar\u00fcber aufkl\u00e4ren, welche Arten Ihrer personenbezogenen Daten\n    (nachfolgend auch kurz als &#8222;Daten\u201c bezeichnet) wir zu welchen Zwecken und in welchem Umfang verarbeiten. Die\n    Datenschutzerkl\u00e4rung gilt f\u00fcr alle von uns durchgef\u00fchrten Verarbeitungen personenbezogener Daten, sowohl im Rahmen\n    der Erbringung unserer Leistungen als auch insbesondere auf unseren Webseiten, in mobilen Applikationen sowie\n    innerhalb externer Onlinepr\u00e4senzen, wie z.B. unserer Social-Media-Profile (nachfolgend zusammenfassend bezeichnet\n    als &#8222;Onlineangebot\u201c).<\/p>\n<p>Die verwendeten Begriffe sind nicht geschlechtsspezifisch.<\/p>\n<p>Stand: 17. Mai 2023<\/p>\n<h2>Inhalts\u00fcbersicht<\/h2>\n<ul class=\"index\">\n    <li><a class=\"index-link\" href=\"#m716\">Pr\u00e4ambel<\/a><\/li>\n    <li><a class=\"index-link\" href=\"#m3\">Verantwortlicher<\/a><\/li>\n    <li><a class=\"index-link\" href=\"#mOverview\">\u00dcbersicht der Verarbeitungen<\/a><\/li>\n    <li><a class=\"index-link\" href=\"#m13\">Ma\u00dfgebliche Rechtsgrundlagen<\/a><\/li>\n    <li><a class=\"index-link\" href=\"#m27\">Sicherheitsma\u00dfnahmen<\/a><\/li>\n    <li><a class=\"index-link\" href=\"#m25\">\u00dcbermittlung von personenbezogenen Daten<\/a><\/li>\n    <li><a class=\"index-link\" href=\"#m24\">Datenverarbeitung in Drittl\u00e4ndern<\/a><\/li>\n    <li><a class=\"index-link\" href=\"#m12\">L\u00f6schung von Daten<\/a><\/li>\n    <li><a class=\"index-link\" href=\"#m134\">Einsatz von Cookies<\/a><\/li>\n    <li><a class=\"index-link\" href=\"#m317\">Gesch\u00e4ftliche Leistungen<\/a><\/li>\n    <li><a class=\"index-link\" href=\"#m225\">Bereitstellung des Onlineangebotes und Webhosting<\/a><\/li>\n    <li><a class=\"index-link\" href=\"#m182\">Kontakt- und Anfragenverwaltung<\/a><\/li>\n    <li><a class=\"index-link\" href=\"#m136\">Pr\u00e4senzen in sozialen Netzwerken (Social Media)<\/a><\/li>\n    <li><a class=\"index-link\" href=\"#m328\">Plugins und eingebettete Funktionen sowie Inhalte<\/a><\/li>\n    <li><a class=\"index-link\" href=\"#m15\">\u00c4nderung und Aktualisierung der Datenschutzerkl\u00e4rung<\/a><\/li>\n    <li><a class=\"index-link\" href=\"#m10\">Rechte der betroffenen Personen<\/a><\/li>\n<\/ul>\n<h2 id=\"m3\">Verantwortlicher<\/h2>\n<p>Gartenimpressionen<br>Celik St\u00fcmmel<br>Am Wischhof 3<br>24813 Sch\u00fclp b. Rendsburg<\/p>\nE-Mail-Adresse: <p><a href=\"mailto:info@gartenimpressionen.com\">info@gartenimpressionen.com<\/a><\/p>\nTelefon: <p>0172 &#8211; 6045200<\/p>\nImpressum: <p>www.gartenimpressionen.com<\/p>\n<h2 id=\"mOverview\">\u00dcbersicht der Verarbeitungen<\/h2>\n<p>Die nachfolgende \u00dcbersicht fasst die Arten der verarbeiteten Daten und die Zwecke ihrer Verarbeitung zusammen und\n    verweist auf die betroffenen Personen.<\/p>\n<h3>Arten der verarbeiteten Daten<\/h3>\n<ul>\n    <li>Bestandsdaten.<\/li>\n    <li>Zahlungsdaten.<\/li>\n    <li>Kontaktdaten.<\/li>\n    <li>Inhaltsdaten.<\/li>\n    <li>Vertragsdaten.<\/li>\n    <li>Nutzungsdaten.<\/li>\n    <li>Meta-, Kommunikations- und Verfahrensdaten.<\/li>\n    <li>Event-Daten (Facebook).<\/li>\n<\/ul>\n<h3>Kategorien betroffener Personen<\/h3>\n<ul>\n    <li>Kunden.<\/li>\n    <li>Interessenten.<\/li>\n    <li>Kommunikationspartner.<\/li>\n    <li>Nutzer.<\/li>\n    <li>Gesch\u00e4fts- und Vertragspartner.<\/li>\n<\/ul>\n<h3>Zwecke der Verarbeitung<\/h3>\n<ul>\n    <li>Erbringung vertraglicher Leistungen und Kundenservice.<\/li>\n    <li>Kontaktanfragen und Kommunikation.<\/li>\n    <li>Sicherheitsma\u00dfnahmen.<\/li>\n    <li>B\u00fcro- und Organisationsverfahren.<\/li>\n    <li>Verwaltung und Beantwortung von Anfragen.<\/li>\n    <li>Firewall.<\/li>\n    <li>Feedback.<\/li>\n    <li>Marketing.<\/li>\n    <li>Bereitstellung unseres Onlineangebotes und Nutzerfreundlichkeit.<\/li>\n    <li>Informationstechnische Infrastruktur.<\/li>\n<\/ul>\n<h3 id=\"m13\">Ma\u00dfgebliche Rechtsgrundlagen<\/h3>\n<p>Im Folgenden erhalten Sie eine \u00dcbersicht der Rechtsgrundlagen der DSGVO, auf deren Basis wir personenbezogene Daten\n    verarbeiten. Bitte nehmen Sie zur Kenntnis, dass neben den Regelungen der DSGVO nationale Datenschutzvorgaben in\n    Ihrem bzw. unserem Wohn- oder Sitzland gelten k\u00f6nnen. Sollten ferner im Einzelfall speziellere Rechtsgrundlagen\n    ma\u00dfgeblich sein, teilen wir Ihnen diese in der Datenschutzerkl\u00e4rung mit.<\/p>\n<ul>\n    <li><strong>Einwilligung (Art. 6 Abs. 1 S. 1 lit. a) DSGVO)<\/strong> &#8211; Die betroffene Person hat ihre Einwilligung\n        in die Verarbeitung der sie betreffenden personenbezogenen Daten f\u00fcr einen spezifischen Zweck oder mehrere\n        bestimmte Zwecke gegeben.<\/li>\n    <li><strong>Vertragserf\u00fcllung und vorvertragliche Anfragen (Art. 6 Abs. 1 S. 1 lit. b) DSGVO)<\/strong> &#8211; Die\n        Verarbeitung ist f\u00fcr die Erf\u00fcllung eines Vertrags, dessen Vertragspartei die betroffene Person ist, oder zur\n        Durchf\u00fchrung vorvertraglicher Ma\u00dfnahmen erforderlich, die auf Anfrage der betroffenen Person erfolgen.<\/li>\n    <li><strong>Rechtliche Verpflichtung (Art. 6 Abs. 1 S. 1 lit. c) DSGVO)<\/strong> &#8211; Die Verarbeitung ist zur\n        Erf\u00fcllung einer rechtlichen Verpflichtung erforderlich, der der Verantwortliche unterliegt.<\/li>\n    <li><strong>Berechtigte Interessen (Art. 6 Abs. 1 S. 1 lit. f) DSGVO)<\/strong> &#8211; Die Verarbeitung ist zur Wahrung\n        der berechtigten Interessen des Verantwortlichen oder eines Dritten erforderlich, sofern nicht die Interessen\n        oder Grundrechte und Grundfreiheiten der betroffenen Person, die den Schutz personenbezogener Daten erfordern,\n        \u00fcberwiegen.<\/li>\n<\/ul>\n<p>Zus\u00e4tzlich zu den Datenschutzregelungen der DSGVO gelten nationale Regelungen zum Datenschutz in Deutschland. Hierzu\n    geh\u00f6rt insbesondere das Gesetz zum Schutz vor Missbrauch personenbezogener Daten bei der Datenverarbeitung\n    (Bundesdatenschutzgesetz \u2013 BDSG). Das BDSG enth\u00e4lt insbesondere Spezialregelungen zum Recht auf Auskunft, zum Recht\n    auf L\u00f6schung, zum Widerspruchsrecht, zur Verarbeitung besonderer Kategorien personenbezogener Daten, zur\n    Verarbeitung f\u00fcr andere Zwecke und zur \u00dcbermittlung sowie automatisierten Entscheidungsfindung im Einzelfall\n    einschlie\u00dflich Profiling. Des Weiteren regelt es die Datenverarbeitung f\u00fcr Zwecke des Besch\u00e4ftigungsverh\u00e4ltnisses (\u00a7\n    26 BDSG), insbesondere im Hinblick auf die Begr\u00fcndung, Durchf\u00fchrung oder Beendigung von Besch\u00e4ftigungsverh\u00e4ltnissen\n    sowie die Einwilligung von Besch\u00e4ftigten. Ferner k\u00f6nnen Landesdatenschutzgesetze der einzelnen Bundesl\u00e4nder zur\n    Anwendung gelangen.<\/p>\n<h2 id=\"m27\">Sicherheitsma\u00dfnahmen<\/h2>\n<p>Wir treffen nach Ma\u00dfgabe der gesetzlichen Vorgaben unter Ber\u00fccksichtigung des Stands der Technik, der\n    Implementierungskosten und der Art, des Umfangs, der Umst\u00e4nde und der Zwecke der Verarbeitung sowie der\n    unterschiedlichen Eintrittswahrscheinlichkeiten und des Ausma\u00dfes der Bedrohung der Rechte und Freiheiten nat\u00fcrlicher\n    Personen geeignete technische und organisatorische Ma\u00dfnahmen, um ein dem Risiko angemessenes Schutzniveau zu\n    gew\u00e4hrleisten.<\/p>\n<p>Zu den Ma\u00dfnahmen geh\u00f6ren insbesondere die Sicherung der Vertraulichkeit, Integrit\u00e4t und Verf\u00fcgbarkeit von Daten durch\n    Kontrolle des physischen und elektronischen Zugangs zu den Daten als auch des sie betreffenden Zugriffs, der\n    Eingabe, der Weitergabe, der Sicherung der Verf\u00fcgbarkeit und ihrer Trennung. Des Weiteren haben wir Verfahren\n    eingerichtet, die eine Wahrnehmung von Betroffenenrechten, die L\u00f6schung von Daten und Reaktionen auf die Gef\u00e4hrdung\n    der Daten gew\u00e4hrleisten. Ferner ber\u00fccksichtigen wir den Schutz personenbezogener Daten bereits bei der Entwicklung\n    bzw. Auswahl von Hardware, Software sowie Verfahren entsprechend dem Prinzip des Datenschutzes, durch\n    Technikgestaltung und durch datenschutzfreundliche Voreinstellungen.<\/p>\n<h2 id=\"m25\">\u00dcbermittlung von personenbezogenen Daten<\/h2>\n<p>Im Rahmen unserer Verarbeitung von personenbezogenen Daten kommt es vor, dass die Daten an andere Stellen,\n    Unternehmen, rechtlich selbstst\u00e4ndige Organisationseinheiten oder Personen \u00fcbermittelt oder sie ihnen gegen\u00fcber\n    offengelegt werden. Zu den Empf\u00e4ngern dieser Daten k\u00f6nnen z.B. mit IT-Aufgaben beauftragte Dienstleister oder\n    Anbieter von Diensten und Inhalten, die in eine Webseite eingebunden werden, geh\u00f6ren. In solchen F\u00e4llen beachten wir\n    die gesetzlichen Vorgaben und schlie\u00dfen insbesondere entsprechende Vertr\u00e4ge bzw. Vereinbarungen, die dem Schutz\n    Ihrer Daten dienen, mit den Empf\u00e4ngern Ihrer Daten ab.<\/p>\n<h2 id=\"m24\">Datenverarbeitung in Drittl\u00e4ndern<\/h2>\n<p>Sofern wir Daten in einem Drittland (d.h., au\u00dferhalb der Europ\u00e4ischen Union (EU), des Europ\u00e4ischen Wirtschaftsraums\n    (EWR)) verarbeiten oder die Verarbeitung im Rahmen der Inanspruchnahme von Diensten Dritter oder der Offenlegung\n    bzw. \u00dcbermittlung von Daten an andere Personen, Stellen oder Unternehmen stattfindet, erfolgt dies nur im Einklang\n    mit den gesetzlichen Vorgaben. <\/p>\n<p>Vorbehaltlich ausdr\u00fccklicher Einwilligung oder vertraglich oder gesetzlich erforderlicher \u00dcbermittlung verarbeiten\n    oder lassen wir die Daten nur in Drittl\u00e4ndern mit einem anerkannten Datenschutzniveau, vertraglichen Verpflichtung\n    durch sogenannte Standardschutzklauseln der EU-Kommission, beim Vorliegen von Zertifizierungen oder verbindlicher\n    internen Datenschutzvorschriften verarbeiten (Art. 44 bis 49 DSGVO, Informationsseite der EU-Kommission: <a href=\"https:\/\/ec.europa.eu\/info\/law\/law-topic\/data-protection\/international-dimension-data-protection_de\" target=\"_blank\" rel=\"noopener\">https:\/\/ec.europa.eu\/info\/law\/law-topic\/data-protection\/international-dimension-data-protection_de<\/a>).\n<\/p>\n<h2 id=\"m12\">L\u00f6schung von Daten<\/h2>\n<p>Die von uns verarbeiteten Daten werden nach Ma\u00dfgabe der gesetzlichen Vorgaben gel\u00f6scht, sobald deren zur Verarbeitung\n    erlaubten Einwilligungen widerrufen werden oder sonstige Erlaubnisse entfallen (z.B. wenn der Zweck der Verarbeitung\n    dieser Daten entfallen ist oder sie f\u00fcr den Zweck nicht erforderlich sind). Sofern die Daten nicht gel\u00f6scht werden,\n    weil sie f\u00fcr andere und gesetzlich zul\u00e4ssige Zwecke erforderlich sind, wird deren Verarbeitung auf diese Zwecke\n    beschr\u00e4nkt. D.h., die Daten werden gesperrt und nicht f\u00fcr andere Zwecke verarbeitet. Das gilt z.B. f\u00fcr Daten, die\n    aus handels- oder steuerrechtlichen Gr\u00fcnden aufbewahrt werden m\u00fcssen oder deren Speicherung zur Geltendmachung,\n    Aus\u00fcbung oder Verteidigung von Rechtsanspr\u00fcchen oder zum Schutz der Rechte einer anderen nat\u00fcrlichen oder\n    juristischen Person erforderlich ist. <\/p>\n<p>Unsere Datenschutzhinweise k\u00f6nnen ferner weitere Angaben zu der Aufbewahrung und L\u00f6schung von Daten beinhalten, die\n    f\u00fcr die jeweiligen Verarbeitungen vorrangig gelten.<\/p>\n<h2 id=\"m134\">Einsatz von Cookies<\/h2>\n<p>Cookies sind kleine Textdateien, bzw. sonstige Speichervermerke, die Informationen auf Endger\u00e4ten speichern und\n    Informationen aus den Endger\u00e4ten auslesen. Z.B. um den Login-Status in einem Nutzerkonto, einen Warenkorbinhalt in\n    einem E-Shop, die aufgerufenen Inhalte oder verwendete Funktionen eines Onlineangebotes speichern. Cookies k\u00f6nnen\n    ferner zu unterschiedlichen Zwecken eingesetzt werden, z.B. zu Zwecken der Funktionsf\u00e4higkeit, Sicherheit und\n    Komfort von Onlineangeboten sowie der Erstellung von Analysen der Besucherstr\u00f6me. <\/p>\n<p><strong>Hinweise zur Einwilligung: <\/strong>Wir setzen Cookies im Einklang mit den gesetzlichen Vorschriften ein.\n    Daher holen wir von den Nutzern eine vorhergehende Einwilligung ein, au\u00dfer wenn diese gesetzlich nicht gefordert\n    ist. Eine Einwilligung ist insbesondere nicht notwendig, wenn das Speichern und das Auslesen der Informationen, also\n    auch von Cookies, unbedingt erforderlich sind, um dem den Nutzern einen von ihnen ausdr\u00fccklich gew\u00fcnschten\n    Telemediendienst (also unser Onlineangebot) zur Verf\u00fcgung zu stellen. Zu den unbedingt erforderlichen Cookies\n    geh\u00f6ren in der Regel Cookies mit Funktionen, die der Anzeige und Lauff\u00e4higkeit des Onlineangebotes , dem\n    Lastausgleich, der Sicherheit, der Speicherung der Pr\u00e4ferenzen und Auswahlm\u00f6glichkeiten der Nutzer oder \u00e4hnlichen\n    mit der Bereitstellung der Haupt- und Nebenfunktionen des von den Nutzern angeforderten Onlineangebotes\n    zusammenh\u00e4ngenden Zwecken dienen. Die widerrufliche Einwilligung wird gegen\u00fcber den Nutzern deutlich kommuniziert\n    und enth\u00e4lt die Informationen zu der jeweiligen Cookie-Nutzung.<\/p>\n<p><strong>Hinweise zu datenschutzrechtlichen Rechtsgrundlagen: <\/strong>Auf welcher datenschutzrechtlichen\n    Rechtsgrundlage wir die personenbezogenen Daten der Nutzer mit Hilfe von Cookies verarbeiten, h\u00e4ngt davon ab, ob wir\n    Nutzer um eine Einwilligung bitten. Falls die Nutzer einwilligen, ist die Rechtsgrundlage der Verarbeitung Ihrer\n    Daten die erkl\u00e4rte Einwilligung. Andernfalls werden die mithilfe von Cookies verarbeiteten Daten auf Grundlage\n    unserer berechtigten Interessen (z.B. an einem betriebswirtschaftlichen Betrieb unseres Onlineangebotes und\n    Verbesserung seiner Nutzbarkeit) verarbeitet oder, wenn dies im Rahmen der Erf\u00fcllung unserer vertraglichen Pflichten\n    erfolgt, wenn der Einsatz von Cookies erforderlich ist, um unsere vertraglichen Verpflichtungen zu erf\u00fcllen. Zu\n    welchen Zwecken die Cookies von uns verarbeitet werden, dar\u00fcber kl\u00e4ren wir im Laufe dieser Datenschutzerkl\u00e4rung oder\n    im Rahmen von unseren Einwilligungs- und Verarbeitungsprozessen auf.<\/p>\n<p><strong>Speicherdauer:\u00a0<\/strong>Im Hinblick auf die Speicherdauer werden die folgenden Arten von Cookies\n    unterschieden:<\/p>\n<ul>\n    <li><strong>Tempor\u00e4re Cookies (auch: Session- oder Sitzungs-Cookies):<\/strong>\u00a0Tempor\u00e4re Cookies werden sp\u00e4testens\n        gel\u00f6scht, nachdem ein Nutzer ein Online-Angebot verlassen und sein Endger\u00e4t (z.B. Browser oder mobile\n        Applikation) geschlossen hat.<\/li>\n    <li><strong>Permanente Cookies:<\/strong> Permanente Cookies bleiben auch nach dem Schlie\u00dfen des Endger\u00e4tes\n        gespeichert. So k\u00f6nnen beispielsweise der Login-Status gespeichert oder bevorzugte Inhalte direkt angezeigt\n        werden, wenn der Nutzer eine Website erneut besucht. Ebenso k\u00f6nnen die mit Hilfe von Cookies erhobenen Daten der\n        Nutzer zur Reichweitenmessung verwendet werden. Sofern wir Nutzern\u00a0keine expliziten Angaben zur Art und\n        Speicherdauer von Cookies mitteilen (z. B. im Rahmen der Einholung der Einwilligung), sollten Nutzer davon\n        ausgehen, dass Cookies permanent sind und die Speicherdauer bis zu zwei Jahre betragen kann.<\/li>\n<\/ul>\n<p><strong>Allgemeine Hinweise zum Widerruf und Widerspruch (Opt-Out): <\/strong>Nutzer k\u00f6nnen die von ihnen abgegebenen\n    Einwilligungen jederzeit widerrufen und zudem einen Widerspruch gegen die Verarbeitung entsprechend\u00a0den gesetzlichen\n    Vorgaben im Art. 21 DSGVO einlegen.\u00a0Nutzer k\u00f6nnen ihren Widerspruch auch \u00fcber die Einstellungen ihres Browsers\n    erkl\u00e4ren, z.B. durch Deaktivierung der Verwendung von Cookies (wobei dadurch auch die Funktionalit\u00e4t unserer\n    Online-Dienste eingeschr\u00e4nkt sein kann). Ein Widerspruch gegen die Verwendung von Cookies zu\n    Online-Marketing-Zwecken kann auch \u00fcber die Websites <a href=\"https:\/\/optout.aboutads.info\" target=\"_blank\" rel=\"noopener\">https:\/\/optout.aboutads.info<\/a> und <a href=\"https:\/\/www.youronlinechoices.com\/\" target=\"_blank\" rel=\"noopener\">https:\/\/www.youronlinechoices.com\/<\/a> erkl\u00e4rt werden.<\/p>\n<ul class=\"m-elements\">\n    <li><strong>Rechtsgrundlagen:<\/strong> Berechtigte Interessen (Art. 6 Abs. 1 S. 1 lit. f) DSGVO).<\/li>\n<\/ul>\n<p><strong>Weitere Hinweise zu Verarbeitungsprozessen, Verfahren und Diensten:<\/strong><\/p>\n<ul class=\"m-elements\">\n    <li><strong>BorlabsCookie: <\/strong>Cookie-Einwilligungs-Management; <strong>Dienstanbieter:<\/strong> Lokal auf\n        unserem Server gehostet, keine Datenweitergabe an Dritte; <strong>Website:<\/strong> <a href=\"https:\/\/de.borlabs.io\/borlabs-cookie\/\" target=\"_blank\" rel=\"noopener\">https:\/\/de.borlabs.io\/borlabs-cookie\/<\/a>;\n        <strong>Weitere Informationen:<\/strong> Es werden eine individuelle Nutzer-ID, Sprache sowie Arten der\n        Einwilligungen und der Zeitpunkt ihrer Abgabe serverseitig und im Cookie auf dem Ger\u00e4t der Nutzer gespeichert.\n    <\/li>\n<\/ul>\n<h2 id=\"m317\">Gesch\u00e4ftliche Leistungen<\/h2>\n<p>Wir verarbeiten Daten unserer Vertrags- und Gesch\u00e4ftspartner, z.B. Kunden und Interessenten (zusammenfassend\n    bezeichnet als &#8222;Vertragspartner&#8220;) im Rahmen von vertraglichen und vergleichbaren Rechtsverh\u00e4ltnissen sowie damit\n    verbundenen Ma\u00dfnahmen und im Rahmen der Kommunikation mit den Vertragspartnern (oder vorvertraglich), z.B., um\n    Anfragen zu beantworten.<\/p>\n<p>Wir verarbeiten diese Daten, um unsere vertraglichen Verpflichtungen zu erf\u00fcllen. Dazu geh\u00f6ren insbesondere die\n    Verpflichtungen zur Erbringung der vereinbarten Leistungen, etwaige Aktualisierungspflichten und Abhilfe bei\n    Gew\u00e4hrleistungs- und sonstigen Leistungsst\u00f6rungen. Dar\u00fcber hinaus verarbeiten wir die Daten zur Wahrung unserer\n    Rechte und zum Zwecke der mit diesen Pflichten verbundenen Verwaltungsaufgaben sowie der Unternehmensorganisation.\n    Dar\u00fcber hinaus verarbeiten wir die Daten auf Grundlage unserer berechtigten Interessen an einer ordnungsgem\u00e4\u00dfen und\n    betriebswirtschaftlichen Gesch\u00e4ftsf\u00fchrung sowie an Sicherheitsma\u00dfnahmen zum Schutz unserer Vertragspartner und\n    unseres Gesch\u00e4ftsbetriebes vor Missbrauch, Gef\u00e4hrdung ihrer Daten, Geheimnisse, Informationen und Rechte (z.B. zur\n    Beteiligung von Telekommunikations-, Transport- und sonstigen Hilfsdiensten sowie Subunternehmern, Banken, Steuer-\n    und Rechtsberatern, Zahlungsdienstleistern oder Finanzbeh\u00f6rden). Im Rahmen des geltenden Rechts geben wir die Daten\n    von Vertragspartnern nur insoweit an Dritte weiter, als dies f\u00fcr die vorgenannten Zwecke oder zur Erf\u00fcllung\n    gesetzlicher Pflichten erforderlich ist. \u00dcber weitere Formen der Verarbeitung, z.B. zu Marketingzwecken, werden die\n    Vertragspartner im Rahmen dieser Datenschutzerkl\u00e4rung informiert.<\/p>\n<p>Welche Daten f\u00fcr die vorgenannten Zwecke erforderlich sind, teilen wir den Vertragspartnern vor oder im Rahmen der\n    Datenerhebung, z.B. in Onlineformularen, durch besondere Kennzeichnung (z.B. Farben) bzw. Symbole (z.B. Sternchen\n    o.\u00e4.), oder pers\u00f6nlich mit.<\/p>\n<p>Wir l\u00f6schen die Daten nach Ablauf gesetzlicher Gew\u00e4hrleistungs- und vergleichbarer Pflichten, d.h., grunds\u00e4tzlich\n    nach Ablauf von 4 Jahren, es sei denn, dass die Daten in einem Kundenkonto gespeichert werden, z.B., solange sie aus\n    gesetzlichen Gr\u00fcnden der Archivierung aufbewahrt werden m\u00fcssen. Die gesetzliche Aufbewahrungsfrist betr\u00e4gt bei\n    steuerrechtlich relevanten Unterlagen sowie bei Handelsb\u00fcchern, Inventaren, Er\u00f6ffnungsbilanzen, Jahresabschl\u00fcssen,\n    die zum Verst\u00e4ndnis dieser Unterlagen erforderlichen Arbeitsanweisungen und sonstigen Organisationsunterlagen und\n    Buchungsbelegen zehn Jahre sowie bei empfangenen Handels- und Gesch\u00e4ftsbriefen und Wiedergaben der abgesandten\n    Handels- und Gesch\u00e4ftsbriefe sechs Jahre. Die Frist beginnt mit Ablauf des Kalenderjahres, in dem die letzte\n    Eintragung in das Buch gemacht, das Inventar, die Er\u00f6ffnungsbilanz, der Jahresabschluss oder der Lagebericht\n    aufgestellt, der Handels- oder Gesch\u00e4ftsbrief empfangen oder abgesandt worden oder der Buchungsbeleg entstanden ist,\n    ferner die Aufzeichnung vorgenommen worden ist oder die sonstigen Unterlagen entstanden sind.<\/p>\n<p>Soweit wir zur Erbringung unserer Leistungen Drittanbieter oder Plattformen einsetzen, gelten im Verh\u00e4ltnis zwischen\n    den Nutzern und den Anbietern die Gesch\u00e4ftsbedingungen und Datenschutzhinweise der jeweiligen Drittanbieter oder\n    Plattformen.<\/p>\n<ul class=\"m-elements\">\n    <li><strong>Verarbeitete Datenarten:<\/strong> Bestandsdaten (z.B. Namen, Adressen); Zahlungsdaten (z.B.\n        Bankverbindungen, Rechnungen, Zahlungshistorie); Kontaktdaten (z.B. E-Mail, Telefonnummern); Vertragsdaten (z.B.\n        Vertragsgegenstand, Laufzeit, Kundenkategorie); Nutzungsdaten (z.B. besuchte Webseiten, Interesse an Inhalten,\n        Zugriffszeiten); Meta-, Kommunikations- und Verfahrensdaten (z. B. IP-Adressen, Zeitangaben,\n        Identifikationsnummern, Einwilligungsstatus).<\/li>\n    <li><strong>Betroffene Personen:<\/strong> Kunden; Interessenten; Gesch\u00e4fts- und Vertragspartner.<\/li>\n    <li><strong>Zwecke der Verarbeitung:<\/strong> Erbringung vertraglicher Leistungen und Kundenservice;\n        Sicherheitsma\u00dfnahmen; Kontaktanfragen und Kommunikation; B\u00fcro- und Organisationsverfahren; Verwaltung und\n        Beantwortung von Anfragen.<\/li>\n    <li><strong>Rechtsgrundlagen:<\/strong> Vertragserf\u00fcllung und vorvertragliche Anfragen (Art. 6 Abs. 1 S. 1 lit. b)\n        DSGVO); Rechtliche Verpflichtung (Art. 6 Abs. 1 S. 1 lit. c) DSGVO); Berechtigte Interessen (Art. 6 Abs. 1 S. 1\n        lit. f) DSGVO).<\/li>\n<\/ul>\n<p><strong>Weitere Hinweise zu Verarbeitungsprozessen, Verfahren und Diensten:<\/strong><\/p>\n<ul class=\"m-elements\">\n    <li><strong>Shop und E-Commerce: <\/strong>Wir verarbeiten die Daten unserer Kunden, um ihnen die Auswahl, den\n        Erwerb, bzw. die Bestellung der gew\u00e4hlten Produkte, Waren sowie verbundener Leistungen, als auch deren Bezahlung\n        und Zustellung, bzw. Ausf\u00fchrung zu erm\u00f6glichen. Sofern f\u00fcr die Ausf\u00fchrung einer Bestellung erforderlich, setzen\n        wir Dienstleister, insbesondere Post-, Speditions- und Versandunternehmen ein, um die Lieferung, bzw. Ausf\u00fchrung\n        gegen\u00fcber unseren Kunden durchzuf\u00fchren. F\u00fcr die Abwicklung der Zahlungsvorg\u00e4nge nehmen wir die Dienste von\n        Banken und Zahlungsdienstleistern in Anspruch. Die erforderlichen Angaben sind als solche im Rahmen des Bestell-\n        bzw. vergleichbaren Erwerbsvorgangs gekennzeichnet und umfassen die zur Auslieferung, bzw. Zurverf\u00fcgungstellung\n        und Abrechnung ben\u00f6tigten Angaben sowie Kontaktinformationen, um etwaige R\u00fccksprache halten zu k\u00f6nnen;\n        <strong>Rechtsgrundlagen:<\/strong> Vertragserf\u00fcllung und vorvertragliche Anfragen (Art. 6 Abs. 1 S. 1 lit. b)\n        DSGVO).<\/li>\n    <li><strong>Handwerkliche Leistungen: <\/strong>Wir verarbeiten die Daten unserer Kunden sowie Auftraggeber\n        (nachfolgend einheitlich als &#8222;Kunden&#8220; bezeichnet), um ihnen die Auswahl, den Erwerb bzw. die Beauftragung der\n        gew\u00e4hlten Leistungen oder Werke sowie verbundener T\u00e4tigkeiten als auch deren Bezahlung und Zustellung bzw.\n        Ausf\u00fchrung oder Erbringung zu erm\u00f6glichen.\n        Die erforderlichen Angaben sind als solche im Rahmen des Auftrags-, Bestell- bzw. vergleichbaren\n        Vertragsschlusses gekennzeichnet und umfassen die zur Auslieferung und Abrechnung ben\u00f6tigten Angaben sowie\n        Kontaktinformationen, um etwaige R\u00fccksprachen halten zu k\u00f6nnen; <strong>Rechtsgrundlagen:<\/strong>\n        Vertragserf\u00fcllung und vorvertragliche Anfragen (Art. 6 Abs. 1 S. 1 lit. b) DSGVO).<\/li>\n<\/ul>\n<h2 id=\"m225\">Bereitstellung des Onlineangebotes und Webhosting<\/h2>\n<p>Wir verarbeiten die Daten der Nutzer, um ihnen unsere Online-Dienste zur Verf\u00fcgung stellen zu k\u00f6nnen. Zu diesem Zweck\n    verarbeiten wir die IP-Adresse des Nutzers, die notwendig ist, um die Inhalte und Funktionen unserer Online-Dienste\n    an den Browser oder das Endger\u00e4t der Nutzer zu \u00fcbermitteln.<\/p>\n<ul class=\"m-elements\">\n    <li><strong>Verarbeitete Datenarten:<\/strong> Nutzungsdaten (z.B. besuchte Webseiten, Interesse an Inhalten,\n        Zugriffszeiten); Meta-, Kommunikations- und Verfahrensdaten (z. B. IP-Adressen, Zeitangaben,\n        Identifikationsnummern, Einwilligungsstatus); Inhaltsdaten (z.B. Eingaben in Onlineformularen).<\/li>\n    <li><strong>Betroffene Personen:<\/strong> Nutzer (z.B. Webseitenbesucher, Nutzer von Onlinediensten).<\/li>\n    <li><strong>Zwecke der Verarbeitung:<\/strong> Bereitstellung unseres Onlineangebotes und Nutzerfreundlichkeit;\n        Informationstechnische Infrastruktur (Betrieb und Bereitstellung von Informationssystemen und technischen\n        Ger\u00e4ten (Computer, Server etc.).); Sicherheitsma\u00dfnahmen; Firewall.<\/li>\n    <li><strong>Rechtsgrundlagen:<\/strong> Berechtigte Interessen (Art. 6 Abs. 1 S. 1 lit. f) DSGVO).<\/li>\n<\/ul>\n<p><strong>Weitere Hinweise zu Verarbeitungsprozessen, Verfahren und Diensten:<\/strong><\/p>\n<ul class=\"m-elements\">\n    <li><strong>Bereitstellung Onlineangebot auf gemietetem Speicherplatz: <\/strong>F\u00fcr die Bereitstellung unseres\n        Onlineangebotes nutzen wir Speicherplatz, Rechenkapazit\u00e4t und Software, die wir von einem entsprechenden\n        Serveranbieter (auch &#8222;Webhoster&#8220; genannt) mieten oder anderweitig beziehen; <strong>Rechtsgrundlagen:<\/strong>\n        Berechtigte Interessen (Art. 6 Abs. 1 S. 1 lit. f) DSGVO).<\/li>\n    <li><strong>Erhebung von Zugriffsdaten und Logfiles: <\/strong>Der Zugriff auf unser Onlineangebot wird in Form von\n        so genannten &#8222;Server-Logfiles&#8220; protokolliert. Zu den Serverlogfiles k\u00f6nnen die Adresse und Name der abgerufenen\n        Webseiten und Dateien, Datum und Uhrzeit des Abrufs, \u00fcbertragene Datenmengen, Meldung \u00fcber erfolgreichen Abruf,\n        Browsertyp nebst Version, das Betriebssystem des Nutzers, Referrer URL (die zuvor besuchte Seite) und im\n        Regelfall IP-Adressen und der anfragende Provider geh\u00f6ren.\n\n        Die Serverlogfiles k\u00f6nnen zum einen zu Zwecken der Sicherheit eingesetzt werden, z.B., um eine \u00dcberlastung der\n        Server zu vermeiden (insbesondere im Fall von missbr\u00e4uchlichen Angriffen, sogenannten DDoS-Attacken) und zum\n        anderen, um die Auslastung der Server und ihre Stabilit\u00e4t sicherzustellen; <strong>Rechtsgrundlagen:<\/strong>\n        Berechtigte Interessen (Art. 6 Abs. 1 S. 1 lit. f) DSGVO); <strong>L\u00f6schung von Daten:<\/strong>\n        Logfile-Informationen werden f\u00fcr die Dauer von maximal 30 Tagen gespeichert und danach gel\u00f6scht oder\n        anonymisiert. Daten, deren weitere Aufbewahrung zu Beweiszwecken erforderlich ist, sind bis zur endg\u00fcltigen\n        Kl\u00e4rung des jeweiligen Vorfalls von der L\u00f6schung ausgenommen.<\/li>\n    <li><strong>E-Mail-Versand und -Hosting: <\/strong>Die von uns in Anspruch genommenen Webhosting-Leistungen umfassen\n        ebenfalls den Versand, den Empfang sowie die Speicherung von E-Mails. Zu diesen Zwecken werden die Adressen der\n        Empf\u00e4nger sowie Absender als auch weitere Informationen betreffend den E-Mailversand (z.B. die beteiligten\n        Provider) sowie die Inhalte der jeweiligen E-Mails verarbeitet. Die vorgenannten Daten k\u00f6nnen ferner zu Zwecken\n        der Erkennung von SPAM verarbeitet werden. Wir bitten darum, zu beachten, dass E-Mails im Internet grunds\u00e4tzlich\n        nicht verschl\u00fcsselt versendet werden. Im Regelfall werden E-Mails zwar auf dem Transportweg verschl\u00fcsselt, aber\n        (sofern kein sogenanntes Ende-zu-Ende-Verschl\u00fcsselungsverfahren eingesetzt wird) nicht auf den Servern, von\n        denen sie abgesendet und empfangen werden. Wir k\u00f6nnen daher f\u00fcr den \u00dcbertragungsweg der E-Mails zwischen dem\n        Absender und dem Empfang auf unserem Server keine Verantwortung \u00fcbernehmen; <strong>Rechtsgrundlagen:<\/strong>\n        Berechtigte Interessen (Art. 6 Abs. 1 S. 1 lit. f) DSGVO).<\/li>\n    <li><strong>STRATO: <\/strong>Leistungen auf dem Gebiet der Bereitstellung von informationstechnischer Infrastruktur\n        und verbundenen Dienstleistungen (z.B. Speicherplatz und\/oder Rechenkapazit\u00e4ten);\n        <strong>Dienstanbieter:<\/strong> STRATO AG, Pascalstra\u00dfe 10,10587 Berlin, Deutschland;\n        <strong>Rechtsgrundlagen:<\/strong> Berechtigte Interessen (Art. 6 Abs. 1 S. 1 lit. f) DSGVO);\n        <strong>Website:<\/strong> <a href=\"https:\/\/www.strato.de\" target=\"_blank\" rel=\"noopener\">https:\/\/www.strato.de<\/a>;\n        <strong>Datenschutzerkl\u00e4rung:<\/strong> <a href=\"https:\/\/www.strato.de\/datenschutz\" target=\"_blank\" rel=\"noopener\">https:\/\/www.strato.de\/datenschutz<\/a>; <strong>Auftragsverarbeitungsvertrag:<\/strong> Wird\n        vom Dienstanbieter bereitgestellt.<\/li>\n    <li><strong>Wordfence: <\/strong>Firewall- und Sicherheits- sowie Fehlererkennungsfunktionen, um unberechtigte\n        Zugriffsversuche sowie technische Schwachstellen, die einen solchen Zugriff erm\u00f6glichen k\u00f6nnten, zu erkennen und\n        zu verhindern. Zu diesen Zwecken k\u00f6nnen Cookies und \u00e4hnliche, f\u00fcr diesen Zweck erforderliche Speicherverfahren\n        eingesetzt und Sicherheitsprotokolle w\u00e4hrend der Pr\u00fcfung und insbesondere im Falle eines unberechtigten Zugriffs\n        erstellt werden. In diesem Zusammenhang werden die IP-Adressen der Nutzer, eine Nutzer-Identifikationsnummer und\n        deren Aktivit\u00e4ten einschlie\u00dflich des Zeitpunkts des Zugriffs verarbeitet und gespeichert sowie mit den vom\n        Anbieter der Firewall- und Sicherheitsfunktion bereitgestellten Daten abgeglichen und an diesen \u00fcbermittelt;\n        <strong>Dienstanbieter:<\/strong> Defiant, Inc., 800 5th Ave Ste 4100, Seattle, WA 98104, USA;\n        <strong>Rechtsgrundlagen:<\/strong> Berechtigte Interessen (Art. 6 Abs. 1 S. 1 lit. f) DSGVO);\n        <strong>Website:<\/strong> <a href=\"https:\/\/www.wordfence.com\" target=\"_blank\" rel=\"noopener\">https:\/\/www.wordfence.com<\/a>;\n        <strong>Datenschutzerkl\u00e4rung:<\/strong> <a href=\"https:\/\/www.wordfence.com\/privacy-policy\/\" target=\"_blank\" rel=\"noopener\">https:\/\/www.wordfence.com\/privacy-policy\/<\/a>; <strong>Standardvertragsklauseln\n            (Gew\u00e4hrleistung Datenschutzniveau bei Verarbeitung in Drittl\u00e4ndern):<\/strong> <a href=\"https:\/\/www.wordfence.com\/standard-contractual-clauses\/\" target=\"_blank\" rel=\"noopener\">https:\/\/www.wordfence.com\/standard-contractual-clauses\/<\/a>; <strong>Weitere\n            Informationen:<\/strong> <a href=\"https:\/\/www.wordfence.com\/help\/general-data-protection-regulation\/\" target=\"_blank\" rel=\"noopener\">https:\/\/www.wordfence.com\/help\/general-data-protection-regulation\/<\/a>.<\/li>\n<\/ul>\n<h2 id=\"m182\">Kontakt- und Anfragenverwaltung<\/h2>\n<p>Bei der Kontaktaufnahme mit uns (z.B. per Post, Kontaktformular, E-Mail, Telefon oder via soziale Medien) sowie im\n    Rahmen bestehender Nutzer- und Gesch\u00e4ftsbeziehungen werden die Angaben der anfragenden Personen verarbeitet soweit\n    dies zur Beantwortung der Kontaktanfragen und etwaiger angefragter Ma\u00dfnahmen erforderlich ist.<\/p>\n<ul class=\"m-elements\">\n    <li><strong>Verarbeitete Datenarten:<\/strong> Kontaktdaten (z.B. E-Mail, Telefonnummern); Inhaltsdaten (z.B.\n        Eingaben in Onlineformularen); Nutzungsdaten (z.B. besuchte Webseiten, Interesse an Inhalten, Zugriffszeiten);\n        Meta-, Kommunikations- und Verfahrensdaten (z. B. IP-Adressen, Zeitangaben, Identifikationsnummern,\n        Einwilligungsstatus).<\/li>\n    <li><strong>Betroffene Personen:<\/strong> Kommunikationspartner.<\/li>\n    <li><strong>Zwecke der Verarbeitung:<\/strong> Kontaktanfragen und Kommunikation; Verwaltung und Beantwortung von\n        Anfragen; Feedback (z.B. Sammeln von Feedback via Online-Formular); Bereitstellung unseres Onlineangebotes und\n        Nutzerfreundlichkeit.<\/li>\n    <li><strong>Rechtsgrundlagen:<\/strong> Berechtigte Interessen (Art. 6 Abs. 1 S. 1 lit. f) DSGVO); Vertragserf\u00fcllung\n        und vorvertragliche Anfragen (Art. 6 Abs. 1 S. 1 lit. b) DSGVO).<\/li>\n<\/ul>\n<p><strong>Weitere Hinweise zu Verarbeitungsprozessen, Verfahren und Diensten:<\/strong><\/p>\n<ul class=\"m-elements\">\n    <li><strong>Kontaktformular: <\/strong>Wenn Nutzer \u00fcber unser Kontaktformular, E-Mail oder andere Kommunikationswege\n        mit uns in Kontakt treten, verarbeiten wir die uns in diesem Zusammenhang mitgeteilten Daten zur Bearbeitung des\n        mitgeteilten Anliegens; <strong>Rechtsgrundlagen:<\/strong> Vertragserf\u00fcllung und vorvertragliche Anfragen (Art.\n        6 Abs. 1 S. 1 lit. b) DSGVO), Berechtigte Interessen (Art. 6 Abs. 1 S. 1 lit. f) DSGVO).<\/li>\n<\/ul>\n<h2 id=\"m136\">Pr\u00e4senzen in sozialen Netzwerken (Social Media)<\/h2>\n<p>Wir unterhalten Onlinepr\u00e4senzen innerhalb sozialer Netzwerke und verarbeiten in diesem Rahmen Daten der Nutzer, um\n    mit den dort aktiven Nutzern zu kommunizieren oder um Informationen \u00fcber uns anzubieten.<\/p>\n<p>Wir weisen darauf hin, dass dabei Daten der Nutzer au\u00dferhalb des Raumes der Europ\u00e4ischen Union verarbeitet werden\n    k\u00f6nnen. Hierdurch k\u00f6nnen sich f\u00fcr die Nutzer Risiken ergeben, weil so z.B. die Durchsetzung der Rechte der Nutzer\n    erschwert werden k\u00f6nnte.<\/p>\n<p>Ferner werden die Daten der Nutzer innerhalb sozialer Netzwerke im Regelfall f\u00fcr Marktforschungs- und Werbezwecke\n    verarbeitet. So k\u00f6nnen z.B. anhand des Nutzungsverhaltens und sich daraus ergebender Interessen der Nutzer\n    Nutzungsprofile erstellt werden. Die Nutzungsprofile k\u00f6nnen wiederum verwendet werden, um z.B. Werbeanzeigen\n    innerhalb und au\u00dferhalb der Netzwerke zu schalten, die mutma\u00dflich den Interessen der Nutzer entsprechen. Zu diesen\n    Zwecken werden im Regelfall Cookies auf den Rechnern der Nutzer gespeichert, in denen das Nutzungsverhalten und die\n    Interessen der Nutzer gespeichert werden. Ferner k\u00f6nnen in den Nutzungsprofilen auch Daten unabh\u00e4ngig der von den\n    Nutzern verwendeten Ger\u00e4te gespeichert werden (insbesondere, wenn die Nutzer Mitglieder der jeweiligen Plattformen\n    sind und bei diesen eingeloggt sind).<\/p>\n<p>F\u00fcr eine detaillierte Darstellung der jeweiligen Verarbeitungsformen und der Widerspruchsm\u00f6glichkeiten (Opt-Out)\n    verweisen wir auf die Datenschutzerkl\u00e4rungen und Angaben der Betreiber der jeweiligen Netzwerke.<\/p>\n<p>Auch im Fall von Auskunftsanfragen und der Geltendmachung von Betroffenenrechten weisen wir darauf hin, dass diese am\n    effektivsten bei den Anbietern geltend gemacht werden k\u00f6nnen. Nur die Anbieter haben jeweils Zugriff auf die Daten\n    der Nutzer und k\u00f6nnen direkt entsprechende Ma\u00dfnahmen ergreifen und Ausk\u00fcnfte geben. Sollten Sie dennoch Hilfe\n    ben\u00f6tigen, dann k\u00f6nnen Sie sich an uns wenden.<\/p>\n<ul class=\"m-elements\">\n    <li><strong>Verarbeitete Datenarten:<\/strong> Kontaktdaten (z.B. E-Mail, Telefonnummern); Inhaltsdaten (z.B.\n        Eingaben in Onlineformularen); Nutzungsdaten (z.B. besuchte Webseiten, Interesse an Inhalten, Zugriffszeiten);\n        Meta-, Kommunikations- und Verfahrensdaten (z. B. IP-Adressen, Zeitangaben, Identifikationsnummern,\n        Einwilligungsstatus).<\/li>\n    <li><strong>Betroffene Personen:<\/strong> Nutzer (z.B. Webseitenbesucher, Nutzer von Onlinediensten).<\/li>\n    <li><strong>Zwecke der Verarbeitung:<\/strong> Kontaktanfragen und Kommunikation; Feedback (z.B. Sammeln von Feedback\n        via Online-Formular); Marketing.<\/li>\n    <li><strong>Rechtsgrundlagen:<\/strong> Berechtigte Interessen (Art. 6 Abs. 1 S. 1 lit. f) DSGVO).<\/li>\n<\/ul>\n<p><strong>Weitere Hinweise zu Verarbeitungsprozessen, Verfahren und Diensten:<\/strong><\/p>\n<ul class=\"m-elements\">\n    <li><strong>Facebook-Seiten: <\/strong>Profile innerhalb des sozialen Netzwerks Facebook &#8211; Wir sind gemeinsam mit\n        Meta Platforms Ireland Limited f\u00fcr die Erhebung (jedoch nicht die weitere Verarbeitung) von Daten der Besucher\n        unserer Facebook-Seite (sog. &#8222;Fanpage&#8220;) verantwortlich. Zu diesen Daten geh\u00f6ren Informationen zu den Arten von\n        Inhalten, die Nutzer sich ansehen oder mit denen sie interagieren, oder die von ihnen vorgenommenen Handlungen\n        (siehe unter \u201eVon dir und anderen get\u00e4tigte und bereitgestellte Dinge\u201c in der Facebook-Datenrichtlinie: <a href=\"https:\/\/www.facebook.com\/policy\" target=\"_blank\" rel=\"noopener\">https:\/\/www.facebook.com\/policy<\/a>), sowie\n        Informationen \u00fcber die von den Nutzern genutzten Ger\u00e4te (z. B. IP-Adressen, Betriebssystem, Browsertyp,\n        Spracheinstellungen, Cookie-Daten; siehe unter \u201eGer\u00e4teinformationen\u201c in der Facebook-Datenrichtlinie: <a href=\"https:\/\/www.facebook.com\/policy\" target=\"_blank\" rel=\"noopener\">https:\/\/www.facebook.com\/policy<\/a>). Wie in der\n        Facebook-Datenrichtlinie unter \u201eWie verwenden wir diese Informationen?\u201c erl\u00e4utert, erhebt und verwendet Facebook\n        Informationen auch, um Analysedienste, so genannte &#8222;Seiten-Insights&#8220;, f\u00fcr Seitenbetreiber bereitzustellen, damit\n        diese Erkenntnisse dar\u00fcber erhalten, wie Personen mit ihren Seiten und mit den mit ihnen verbundenen Inhalten\n        interagieren. Wir haben mit Facebook eine spezielle Vereinbarung abgeschlossen (&#8222;Informationen zu\n        Seiten-Insights&#8220;, <a href=\"https:\/\/www.facebook.com\/legal\/terms\/page_controller_addendum\" target=\"_blank\" rel=\"noopener\">https:\/\/www.facebook.com\/legal\/terms\/page_controller_addendum<\/a>), in der insbesondere\n        geregelt wird, welche Sicherheitsma\u00dfnahmen Facebook beachten muss und in der Facebook sich bereit erkl\u00e4rt hat\n        die Betroffenenrechte zu erf\u00fcllen (d. h. Nutzer k\u00f6nnen z. B. Ausk\u00fcnfte oder L\u00f6schungsanfragen direkt an Facebook\n        richten). Die Rechte der Nutzer (insbesondere auf Auskunft, L\u00f6schung, Widerspruch und Beschwerde bei zust\u00e4ndiger\n        Aufsichtsbeh\u00f6rde), werden durch die Vereinbarungen mit Facebook nicht eingeschr\u00e4nkt. Weitere Hinweise finden\n        sich in den &#8222;Informationen zu Seiten-Insights&#8220; (<a href=\"https:\/\/www.facebook.com\/legal\/terms\/information_about_page_insights_data\" target=\"_blank\" rel=\"noopener\">https:\/\/www.facebook.com\/legal\/terms\/information_about_page_insights_data<\/a>);\n        <strong>Dienstanbieter:<\/strong> Meta Platforms Ireland Limited, 4 Grand Canal Square, Grand Canal Harbour,\n        Dublin 2, Irland; <strong>Rechtsgrundlagen:<\/strong> Berechtigte Interessen (Art. 6 Abs. 1 S. 1 lit. f) DSGVO);\n        <strong>Website:<\/strong> <a href=\"https:\/\/www.facebook.com\" target=\"_blank\" rel=\"noopener\">https:\/\/www.facebook.com<\/a>;\n        <strong>Datenschutzerkl\u00e4rung:<\/strong> <a href=\"https:\/\/www.facebook.com\/about\/privacy\" target=\"_blank\" rel=\"noopener\">https:\/\/www.facebook.com\/about\/privacy<\/a>; <strong>Standardvertragsklauseln (Gew\u00e4hrleistung\n            Datenschutzniveau bei Verarbeitung in Drittl\u00e4ndern):<\/strong> <a href=\"https:\/\/www.facebook.com\/legal\/EU_data_transfer_addendum\" target=\"_blank\" rel=\"noopener\">https:\/\/www.facebook.com\/legal\/EU_data_transfer_addendum<\/a>; <strong>Weitere\n            Informationen:<\/strong> Vereinbarung gemeinsamer Verantwortlichkeit: <a href=\"https:\/\/www.facebook.com\/legal\/terms\/information_about_page_insights_data\" target=\"_blank\" rel=\"noopener\">https:\/\/www.facebook.com\/legal\/terms\/information_about_page_insights_data<\/a>. Die\n        gemeinsame Verantwortlichkeit beschr\u00e4nkt sich auf die Erhebung durch und \u00dcbermittlung von Daten an Meta\n        Platforms Ireland Limited, ein Unternehmen mit Sitz in der EU. Die weitere Verarbeitung der Daten liegt in der\n        alleinigen Verantwortung von Meta Platforms Ireland Limited, was insbesondere die \u00dcbermittlung der Daten an die\n        Muttergesellschaft Meta Platforms, Inc. in den USA betrifft (auf der Grundlage der zwischen Meta Platforms\n        Ireland Limited und Meta Platforms, Inc. geschlossenen Standardvertragsklauseln).<\/li>\n<\/ul>\n<h2 id=\"m328\">Plugins und eingebettete Funktionen sowie Inhalte<\/h2>\n<p>Wir binden in unser Onlineangebot Funktions- und Inhaltselemente ein, die von den Servern ihrer jeweiligen Anbieter\n    (nachfolgend bezeichnet als &#8222;Drittanbieter\u201d) bezogen werden. Dabei kann es sich zum Beispiel um Grafiken, Videos\n    oder Stadtpl\u00e4ne handeln (nachfolgend einheitlich bezeichnet als &#8222;Inhalte\u201d).<\/p>\n<p>Die Einbindung setzt immer voraus, dass die Drittanbieter dieser Inhalte die IP-Adresse der Nutzer verarbeiten, da\n    sie ohne die IP-Adresse die Inhalte nicht an deren Browser senden k\u00f6nnten. Die IP-Adresse ist damit f\u00fcr die\n    Darstellung dieser Inhalte oder Funktionen erforderlich. Wir bem\u00fchen uns, nur solche Inhalte zu verwenden, deren\n    jeweilige Anbieter die IP-Adresse lediglich zur Auslieferung der Inhalte verwenden. Drittanbieter k\u00f6nnen ferner\n    sogenannte Pixel-Tags (unsichtbare Grafiken, auch als &#8222;Web Beacons&#8220; bezeichnet) f\u00fcr statistische oder\n    Marketingzwecke verwenden. Durch die &#8222;Pixel-Tags&#8220; k\u00f6nnen Informationen, wie der Besucherverkehr auf den Seiten\n    dieser Webseite, ausgewertet werden. Die pseudonymen Informationen k\u00f6nnen ferner in Cookies auf dem Ger\u00e4t der Nutzer\n    gespeichert werden und unter anderem technische Informationen zum Browser und zum Betriebssystem, zu verweisenden\n    Webseiten, zur Besuchszeit sowie weitere Angaben zur Nutzung unseres Onlineangebotes enthalten als auch mit solchen\n    Informationen aus anderen Quellen verbunden werden.<\/p>\n<ul class=\"m-elements\">\n    <li><strong>Verarbeitete Datenarten:<\/strong> Nutzungsdaten (z.B. besuchte Webseiten, Interesse an Inhalten,\n        Zugriffszeiten); Meta-, Kommunikations- und Verfahrensdaten (z. B. IP-Adressen, Zeitangaben,\n        Identifikationsnummern, Einwilligungsstatus); Event-Daten (Facebook) (&#8222;Event-Daten&#8220; sind Daten, die z. B. via\n        Facebook-Pixel (via Apps oder auf anderen Wegen) von uns an Facebook \u00fcbermittelt werden k\u00f6nnen und sich auf\n        Personen oder deren Handlungen beziehen; Zu den Daten geh\u00f6ren z. B. Angaben \u00fcber Besuche auf Websites,\n        Interaktionen mit Inhalten, Funktionen, Installationen von Apps, K\u00e4ufe von Produkten, etc.; die Event-Daten\n        werden zwecks Bildung von Zielgruppen f\u00fcr Inhalte und Werbeinformationen (Custom Audiences) verarbeitet; Event\n        Daten beinhalten nicht die eigentlichen Inhalte (wie z. B. verfasste Kommentare), keine Login-Informationen und\n        keine Kontaktinformationen (also keine Namen, E-Mail-Adressen und Telefonnummern). Event Daten werden durch\n        Facebook nach maximal zwei Jahren gel\u00f6scht, die aus ihnen gebildeten Zielgruppen mit der L\u00f6schung unseres\n        Facebook-Kontos).<\/li>\n    <li><strong>Betroffene Personen:<\/strong> Nutzer (z.B. Webseitenbesucher, Nutzer von Onlinediensten).<\/li>\n    <li><strong>Zwecke der Verarbeitung:<\/strong> Bereitstellung unseres Onlineangebotes und Nutzerfreundlichkeit.<\/li>\n    <li><strong>Rechtsgrundlagen:<\/strong> Berechtigte Interessen (Art. 6 Abs. 1 S. 1 lit. f) DSGVO); Einwilligung (Art.\n        6 Abs. 1 S. 1 lit. a) DSGVO).<\/li>\n<\/ul>\n<p><strong>Weitere Hinweise zu Verarbeitungsprozessen, Verfahren und Diensten:<\/strong><\/p>\n<ul class=\"m-elements\">\n    <li><strong>Einbindung von Drittsoftware, Skripten oder Frameworks (z. B. jQuery): <\/strong>Wir binden in unser\n        Onlineangebot Software ein, die wir von Servern anderer Anbieter abrufen (z.B. Funktions-Bibliotheken, die wir\n        zwecks Darstellung oder Nutzerfreundlichkeit\u00a0unseres Onlineangebotes verwenden). Hierbei erheben die jeweiligen\n        Anbieter die IP-Adresse der Nutzer und k\u00f6nnen diese zu Zwecken der\u00a0\u00dcbermittlung der Software an den Browser der\n        Nutzer sowie zu Zwecken der Sicherheit, als auch zur Auswertung und Optimierung ihres Angebotes verarbeiten. &#8211;\n        Wir binden in unser Onlineangebot Software ein, die wir von Servern anderer Anbieter abrufen (z.B.\n        Funktions-Bibliotheken, die wir zwecks Darstellung oder Nutzerfreundlichkeit\u00a0unseres Onlineangebotes verwenden).\n        Hierbei erheben die jeweiligen Anbieter die IP-Adresse der Nutzer und k\u00f6nnen diese zu Zwecken der\u00a0\u00dcbermittlung\n        der Software an den Browser der Nutzer sowie zu Zwecken der Sicherheit, als auch zur Auswertung und Optimierung\n        ihres Angebotes verarbeiten; <strong>Rechtsgrundlagen:<\/strong> Berechtigte Interessen (Art. 6 Abs. 1 S. 1 lit.\n        f) DSGVO).<\/li>\n    <li><strong>Facebook-Plugins und -Inhalte: <\/strong>Facebook Social Plugins und Inhalte &#8211; Hierzu k\u00f6nnen z.B. Inhalte\n        wie Bilder, Videos oder Texte und Schaltfl\u00e4chen geh\u00f6ren, mit denen Nutzer Inhalte dieses Onlineangebotes\n        innerhalb von Facebook teilen k\u00f6nnen. Die Liste und das Aussehen der Facebook Social Plugins k\u00f6nnen hier\n        eingesehen werden: <a href=\"https:\/\/developers.facebook.com\/docs\/plugins\/\" target=\"_blank\" rel=\"noopener\">https:\/\/developers.facebook.com\/docs\/plugins\/<\/a> &#8211; Wir sind gemeinsam mitMeta Platforms\n        Ireland Limited f\u00fcr die Erhebung oder den Erhalt im Rahmen einer \u00dcbermittlung (jedoch nicht die weitere\n        Verarbeitung) von &#8222;Event-Daten&#8220;, die Facebook mittels der Facebook-Social-Plugins (und Einbettungsfunktionen f\u00fcr\n        Inhalte), die auf unserem Onlineangebot ausgef\u00fchrt werden, erhebt oder im Rahmen einer \u00dcbermittlung zu folgenden\n        Zwecken erh\u00e4lt, gemeinsam verantwortlich: a) Anzeige von Inhalten sowie Werbeinformationen, die den mutma\u00dflichen\n        Interessen der Nutzer entsprechen; b) Zustellung kommerzieller und transaktionsbezogener Nachrichten (z. B.\n        Ansprache von Nutzern via Facebook-Messenger); c) Verbesserung der Anzeigenauslieferung und Personalisierung von\n        Funktionen und Inhalten (z. B. Verbesserung der Erkennung, welche Inhalte oder Werbeinformationen mutma\u00dflich den\n        Interessen der Nutzer entsprechen). Wir haben mit Facebook eine spezielle Vereinbarung abgeschlossen (&#8222;Zusatz\n        f\u00fcr Verantwortliche&#8220;, <a href=\"https:\/\/www.facebook.com\/legal\/controller_addendum\" target=\"_blank\" rel=\"noopener\">https:\/\/www.facebook.com\/legal\/controller_addendum<\/a>), in der insbesondere geregelt wird,\n        welche Sicherheitsma\u00dfnahmen Facebook beachten muss (<a href=\"https:\/\/www.facebook.com\/legal\/terms\/data_security_terms\" target=\"_blank\" rel=\"noopener\">https:\/\/www.facebook.com\/legal\/terms\/data_security_terms<\/a>) und in der Facebook sich\n        bereit erkl\u00e4rt hat die Betroffenenrechte zu erf\u00fcllen (d. h. Nutzer k\u00f6nnen z. B. Ausk\u00fcnfte oder L\u00f6schungsanfragen\n        direkt an Facebook richten). Hinweis: Wenn Facebook uns Messwerte, Analysen und Berichte bereitstellt (die\n        aggregiert sind, d. h. keine Angaben zu einzelnen Nutzern erhalten und f\u00fcr uns anonym sind), dann erfolgt diese\n        Verarbeitung nicht im Rahmen der gemeinsamen Verantwortlichkeit, sondern auf Grundlage eines\n        Auftragsverarbeitungsvertrages (&#8222;Datenverarbeitungsbedingungen &#8222;, <a href=\"https:\/\/www.facebook.com\/legal\/terms\/dataprocessing\" target=\"_blank\" rel=\"noopener\">https:\/\/www.facebook.com\/legal\/terms\/dataprocessing<\/a>) , der &#8222;Datensicherheitsbedingungen&#8220;\n        (<a href=\"https:\/\/www.facebook.com\/legal\/terms\/data_security_terms\" target=\"_blank\" rel=\"noopener\">https:\/\/www.facebook.com\/legal\/terms\/data_security_terms<\/a>) sowie im Hinblick auf die\n        Verarbeitung in den USA auf Grundlage von Standardvertragsklauseln (&#8222;Facebook-EU-Daten\u00fcbermittlungszusatz, <a href=\"https:\/\/www.facebook.com\/legal\/EU_data_transfer_addendum\" target=\"_blank\" rel=\"noopener\">https:\/\/www.facebook.com\/legal\/EU_data_transfer_addendum<\/a>). Die Rechte der Nutzer\n        (insbesondere auf Auskunft, L\u00f6schung, Widerspruch und Beschwerde bei zust\u00e4ndiger Aufsichtsbeh\u00f6rde), werden durch\n        die Vereinbarungen mit Facebook nicht eingeschr\u00e4nkt; <strong>Dienstanbieter:<\/strong> Meta Platforms Ireland\n        Limited, 4 Grand Canal Square, Grand Canal Harbour, Dublin 2, Irland; <strong>Rechtsgrundlagen:<\/strong>\n        Einwilligung (Art. 6 Abs. 1 S. 1 lit. a) DSGVO); <strong>Website:<\/strong> <a href=\"https:\/\/www.facebook.com\" target=\"_blank\" rel=\"noopener\">https:\/\/www.facebook.com<\/a>; <strong>Datenschutzerkl\u00e4rung:<\/strong> <a href=\"https:\/\/www.facebook.com\/about\/privacy\" target=\"_blank\" rel=\"noopener\">https:\/\/www.facebook.com\/about\/privacy<\/a>.\n    <\/li>\n    <li><strong>Google Fonts (Bezug vom Google Server): <\/strong>Bezug von Schriften (und Symbolen) zum Zwecke einer\n        technisch sicheren, wartungsfreien und effizienten Nutzung von Schriften und Symbolen im Hinblick auf Aktualit\u00e4t\n        und Ladezeiten, deren einheitliche Darstellung und Ber\u00fccksichtigung m\u00f6glicher lizenzrechtlicher Beschr\u00e4nkungen.\n        Dem Anbieter der Schriftarten wird die IP-Adresse des Nutzers mitgeteilt, damit die Schriftarten im Browser des\n        Nutzers zur Verf\u00fcgung gestellt werden k\u00f6nnen. Dar\u00fcber hinaus werden technische Daten (Spracheinstellungen,\n        Bildschirmaufl\u00f6sung, Betriebssystem, verwendete Hardware) \u00fcbermittelt, die f\u00fcr die Bereitstellung der Schriften\n        in Abh\u00e4ngigkeit von den verwendeten Ger\u00e4ten und der technischen Umgebung notwendig sind. Diese Daten k\u00f6nnen auf\n        einem Server des Anbieters der Schriftarten in den USA verarbeitet werden &#8211; Beim Besuch unseres Onlineangebotes\n        senden die Browser der Nutzer ihre Browser HTTP-Anfragen an die Google Fonts Web API (d.h. eine\n        Softwareschnittstelle f\u00fcr den Abruf der Schriftarten). Die Google Fonts Web API stellt den Nutzern die Cascading\n        Style Sheets (CSS) von Google Fonts und danach die in der CCS angegebenen Schriftarten zur Verf\u00fcgung. Zu diesen\n        HTTP-Anfragen geh\u00f6ren (1) die vom jeweiligen Nutzer f\u00fcr den Zugriff auf das Internet verwendete IP-Adresse, (2)\n        die angeforderte URL auf dem Google-Server und (3) die HTTP-Header, einschlie\u00dflich des User-Agents, der die\n        Browser- und Betriebssystemversionen der Websitebesucher beschreibt, sowie die Verweis-URL (d.h. die Webseite,\n        auf der die Google-Schriftart angezeigt werden soll). IP-Adressen werden weder auf Google-Servern protokolliert\n        noch gespeichert und sie werden nicht analysiert. Die Google Fonts Web API protokolliert Details der\n        HTTP-Anfragen (angeforderte URL, User-Agent und Verweis-URL). Der Zugriff auf diese Daten ist eingeschr\u00e4nkt und\n        streng kontrolliert. Die angeforderte URL identifiziert die Schriftfamilien, f\u00fcr die der Nutzer Schriftarten\n        laden m\u00f6chte. Diese Daten werden protokolliert, damit Google bestimmen kann, wie oft eine bestimmte\n        Schriftfamilie angefordert wird. Bei der Google Fonts Web API muss der User-Agent die Schriftart anpassen, die\n        f\u00fcr den jeweiligen Browsertyp generiert wird. Der User-Agent wird in erster Linie zum Debugging protokolliert\n        und verwendet, um aggregierte Nutzungsstatistiken zu generieren, mit denen die Beliebtheit von Schriftfamilien\n        gemessen wird. Diese zusammengefassten Nutzungsstatistiken werden auf der Seite \u201eAnalysen\u201c von Google Fonts\n        ver\u00f6ffentlicht. Schlie\u00dflich wird die Verweis-URL protokolliert, sodass die Daten f\u00fcr die Wartung der Produktion\n        verwendet und ein aggregierter Bericht zu den Top-Integrationen basierend auf der Anzahl der\n        Schriftartenanfragen generiert werden kann. Google verwendet laut eigener Auskunft keine der von Google Fonts\n        erfassten Informationen, um Profile von Endnutzern zu erstellen oder zielgerichtete Anzeigen zu schalten;\n        <strong>Dienstanbieter:<\/strong> Google Ireland Limited, Gordon House, Barrow Street, Dublin 4, Irland;\n        <strong>Rechtsgrundlagen:<\/strong> Berechtigte Interessen (Art. 6 Abs. 1 S. 1 lit. f) DSGVO);\n        <strong>Website:<\/strong> <a href=\"https:\/\/fonts.google.com\/\" target=\"_blank\" rel=\"noopener\">https:\/\/fonts.google.com\/<\/a>;\n        <strong>Datenschutzerkl\u00e4rung:<\/strong> <a href=\"https:\/\/policies.google.com\/privacy\" target=\"_blank\" rel=\"noopener\">https:\/\/policies.google.com\/privacy<\/a>; <strong>Weitere Informationen:<\/strong> <a href=\"https:\/\/developers.google.com\/fonts\/faq\/privacy?hl=de\" target=\"_blank\" rel=\"noopener\">https:\/\/developers.google.com\/fonts\/faq\/privacy?hl=de<\/a>.<\/li>\n<\/ul>\n<h2 id=\"m15\">\u00c4nderung und Aktualisierung der Datenschutzerkl\u00e4rung<\/h2>\n<p>Wir bitten Sie, sich regelm\u00e4\u00dfig \u00fcber den Inhalt unserer Datenschutzerkl\u00e4rung zu informieren. Wir passen die\n    Datenschutzerkl\u00e4rung an, sobald die \u00c4nderungen der von uns durchgef\u00fchrten Datenverarbeitungen dies erforderlich\n    machen. Wir informieren Sie, sobald durch die \u00c4nderungen eine Mitwirkungshandlung Ihrerseits (z.B. Einwilligung)\n    oder eine sonstige individuelle Benachrichtigung erforderlich wird.<\/p>\n<p>Sofern wir in dieser Datenschutzerkl\u00e4rung Adressen und Kontaktinformationen von Unternehmen und Organisationen\n    angeben, bitten wir zu beachten, dass die Adressen sich \u00fcber die Zeit \u00e4ndern k\u00f6nnen und bitten die Angaben vor\n    Kontaktaufnahme zu pr\u00fcfen.<\/p>\n<h2 id=\"m10\">Rechte der betroffenen Personen<\/h2>\n<p>Ihnen stehen als Betroffene nach der DSGVO verschiedene Rechte zu, die sich insbesondere aus Art. 15 bis 21 DSGVO\n    ergeben:<\/p>\n<ul>\n    <li><strong>Widerspruchsrecht: Sie haben das Recht, aus Gr\u00fcnden, die sich aus Ihrer besonderen Situation ergeben,\n            jederzeit gegen die Verarbeitung der Sie betreffenden personenbezogenen Daten, die aufgrund von Art. 6 Abs.\n            1 lit. e oder f DSGVO erfolgt, Widerspruch einzulegen; dies gilt auch f\u00fcr ein auf diese Bestimmungen\n            gest\u00fctztes Profiling. Werden die Sie betreffenden personenbezogenen Daten verarbeitet, um Direktwerbung zu\n            betreiben, haben Sie das Recht, jederzeit Widerspruch gegen die Verarbeitung der Sie betreffenden\n            personenbezogenen Daten zum Zwecke derartiger Werbung einzulegen; dies gilt auch f\u00fcr das Profiling, soweit\n            es mit solcher Direktwerbung in Verbindung steht.<\/strong><\/li>\n    <li><strong>Widerrufsrecht bei Einwilligungen:<\/strong> Sie haben das Recht, erteilte Einwilligungen jederzeit zu\n        widerrufen.<\/li>\n    <li><strong>Auskunftsrecht:<\/strong> Sie haben das Recht, eine Best\u00e4tigung dar\u00fcber zu verlangen, ob betreffende\n        Daten verarbeitet werden und auf Auskunft \u00fcber diese Daten sowie auf weitere Informationen und Kopie der Daten\n        entsprechend den gesetzlichen Vorgaben.<\/li>\n    <li><strong>Recht auf Berichtigung:<\/strong> Sie haben entsprechend den gesetzlichen Vorgaben das Recht, die\n        Vervollst\u00e4ndigung der Sie betreffenden Daten oder die Berichtigung der Sie betreffenden unrichtigen Daten zu\n        verlangen.<\/li>\n    <li><strong>Recht auf L\u00f6schung und Einschr\u00e4nkung der Verarbeitung:<\/strong> Sie haben nach Ma\u00dfgabe der gesetzlichen\n        Vorgaben das Recht, zu verlangen, dass Sie betreffende Daten unverz\u00fcglich gel\u00f6scht werden, bzw. alternativ nach\n        Ma\u00dfgabe der gesetzlichen Vorgaben eine Einschr\u00e4nkung der Verarbeitung der Daten zu verlangen.<\/li>\n    <li><strong>Recht auf Daten\u00fcbertragbarkeit:<\/strong> Sie haben das Recht, Sie betreffende Daten, die Sie uns\n        bereitgestellt haben, nach Ma\u00dfgabe der gesetzlichen Vorgaben in einem strukturierten, g\u00e4ngigen und\n        maschinenlesbaren Format zu erhalten oder deren \u00dcbermittlung an einen anderen Verantwortlichen zu fordern.<\/li>\n    <li><strong>Beschwerde bei Aufsichtsbeh\u00f6rde:<\/strong> Sie haben unbeschadet eines anderweitigen\n        verwaltungsrechtlichen oder gerichtlichen Rechtsbehelfs das Recht auf Beschwerde bei einer Aufsichtsbeh\u00f6rde,\n        insbesondere in dem Mitgliedstaat ihres gew\u00f6hnlichen Aufenthaltsorts, ihres Arbeitsplatzes oder des Orts des\n        mutma\u00dflichen Versto\u00dfes, wenn Sie der Ansicht sind, dass die Verarbeitung der Sie betreffenden personenbezogenen\n        Daten gegen die Vorgaben der DSGVO verst\u00f6\u00dft.<\/li>\n<\/ul>\n<br\/>\n","protected":false},"excerpt":{"rendered":"<p>Pr\u00e4ambel Mit der folgenden Datenschutzerkl\u00e4rung m\u00f6chten wir Sie dar\u00fcber aufkl\u00e4ren, welche Arten Ihrer personenbezogenen Daten (nachfolgend auch kurz als &#8222;Daten\u201c bezeichnet) wir zu welchen Zwecken und<span class=\"excerpt-hellip\"> [\u2026]<\/span><\/p>\n","protected":false},"author":1,"featured_media":0,"parent":0,"menu_order":0,"comment_status":"open","ping_status":"open","template":"","meta":{"footnotes":""},"class_list":["post-3","page","type-page","status-publish","hentry"],"_links":{"self":[{"href":"https:\/\/www.gartenimpressionen.com\/index.php\/wp-json\/wp\/v2\/pages\/3","targetHints":{"allow":["GET"]}}],"collection":[{"href":"https:\/\/www.gartenimpressionen.com\/index.php\/wp-json\/wp\/v2\/pages"}],"about":[{"href":"https:\/\/www.gartenimpressionen.com\/index.php\/wp-json\/wp\/v2\/types\/page"}],"author":[{"embeddable":true,"href":"https:\/\/www.gartenimpressionen.com\/index.php\/wp-json\/wp\/v2\/users\/1"}],"replies":[{"embeddable":true,"href":"https:\/\/www.gartenimpressionen.com\/index.php\/wp-json\/wp\/v2\/comments?post=3"}],"version-history":[{"count":7,"href":"https:\/\/www.gartenimpressionen.com\/index.php\/wp-json\/wp\/v2\/pages\/3\/revisions"}],"predecessor-version":[{"id":120,"href":"https:\/\/www.gartenimpressionen.com\/index.php\/wp-json\/wp\/v2\/pages\/3\/revisions\/120"}],"wp:attachment":[{"href":"https:\/\/www.gartenimpressionen.com\/index.php\/wp-json\/wp\/v2\/media?parent=3"}],"curies":[{"name":"wp","href":"https:\/\/api.w.org\/{rel}","templated":true}]}}